{"id":2076,"date":"2020-03-28T16:10:29","date_gmt":"2020-03-28T15:10:29","guid":{"rendered":"http:\/\/www.ecolelacroisette.be\/?page_id=2076"},"modified":"2020-06-14T16:43:31","modified_gmt":"2020-06-14T14:43:31","slug":"periode-de-confinement","status":"publish","type":"page","link":"https:\/\/www.ecolelacroisette.be\/index.php\/periode-de-confinement\/","title":{"rendered":"P\u00e9riode de confinement!"},"content":{"rendered":"\n<h3>Petit mot pour les \u00e9l\u00e8ves de la section primaire \u00e0 l&rsquo;occasion de la rentr\u00e9e scolaire du lundi 8 juin 2020<\/h3>\n\n\n\n<figure class=\"wp-block-embed-youtube wp-block-embed is-type-video is-provider-youtube wp-embed-aspect-16-9 wp-has-aspect-ratio\"><div class=\"wp-block-embed__wrapper\">\n<iframe title=\"Rentr\u00e9e des primaires du lundi 8 juin 2020\" width=\"640\" height=\"360\" src=\"https:\/\/www.youtube.com\/embed\/71vZXeWqcDQ?feature=oembed\" frameborder=\"0\" allow=\"accelerometer; autoplay; encrypted-media; gyroscope; picture-in-picture\" allowfullscreen><\/iframe>\n<\/div><\/figure>\n\n\n\n<p class=\"has-medium-font-size\">Apr\u00e8s ces longues semaines de silence \u00ab\u00a0forc\u00e9\u00a0\u00bb, il me semblait important de communiquer autrement&#8230; Je vous souhaite ainsi bonne r\u00e9ception de deux \u00ab\u00a0capsules vid\u00e9o\u00a0\u00bb<\/p>\n\n\n\n<h3>Message adress\u00e9 aux enfants<\/h3>\n\n\n\n<figure class=\"wp-block-embed-youtube wp-block-embed is-type-video is-provider-youtube wp-embed-aspect-16-9 wp-has-aspect-ratio\"><div class=\"wp-block-embed__wrapper\">\n<iframe title=\"Infos aux enfants, 10 mai 2020\" width=\"640\" height=\"360\" src=\"https:\/\/www.youtube.com\/embed\/aFEDq21PxR8?feature=oembed\" frameborder=\"0\" allow=\"accelerometer; autoplay; encrypted-media; gyroscope; picture-in-picture\" allowfullscreen><\/iframe>\n<\/div><figcaption><strong> Message adress\u00e9 aux enfants<\/strong><\/figcaption><\/figure>\n\n\n\n<h3>Message adress\u00e9 aux parents<\/h3>\n\n\n\n<figure class=\"wp-block-embed-youtube wp-block-embed is-type-video is-provider-youtube wp-embed-aspect-16-9 wp-has-aspect-ratio\"><div class=\"wp-block-embed__wrapper\">\n<iframe title=\"Infos aux parents, 10 mai 20, \u00e9cole la Croisette\" width=\"640\" height=\"360\" src=\"https:\/\/www.youtube.com\/embed\/EfC-SQW1mNw?feature=oembed\" frameborder=\"0\" allow=\"accelerometer; autoplay; encrypted-media; gyroscope; picture-in-picture\" allowfullscreen><\/iframe>\n<\/div><figcaption> <strong>Message adress\u00e9 aux parents<\/strong><\/figcaption><\/figure>\n\n\n\n<h3>Organisation des cours<\/h3>\n\n\n\n<div class=\"wp-block-file\"><a href=\"http:\/\/www.ecolelacroisette.be\/wp-content\/uploads\/2020\/04\/croisette-organisation-des-cours-1er-avril.pdf\">Ecole La Croisette : organisation des cours \u00e0 partir du 6 avril 2020<\/a><a href=\"http:\/\/www.ecolelacroisette.be\/wp-content\/uploads\/2020\/04\/croisette-organisation-des-cours-1er-avril.pdf\" class=\"wp-block-file__button\" download>T\u00e9l\u00e9charger<\/a><\/div>\n\n\n\n<h3>La rentr\u00e9e de la classe de P6!<\/h3>\n\n\n\n<p> Les \u00e9l\u00e8ves de la classe de P6 ont mont\u00e9 une vid\u00e9o afin de montrer \u00e0 leurs copains de l&rsquo;\u00e9cole le nouveau fonctionnement li\u00e9 \u00e0 leur seconde rentr\u00e9e de l&rsquo;ann\u00e9e scolaire. A d\u00e9couvrir&#8230;<br><\/p>\n\n\n\n<h4>PAROLES DE CONFINES, PAROLES D\u2019ENFANTS, CLASSE DE P3\/4<\/h4>\n\n\n\n<p> En classe (classe de troisi\u00e8me et quatri\u00e8me ann\u00e9e de l\u2019\u00e9cole de la Croisette de Sor\u00e9e), nous avons lu un article du journal \u00ab\u00a0Le Soir\u00a0\u00bb intitul\u00e9 \u00ab\u00a0Paroles de confin\u00e9s\u00a0\u00bb. Il s\u2019agissait de t\u00e9moignages de personnes habitant la cit\u00e9 des Gen\u00eats situ\u00e9e sur les hauteurs de Li\u00e8ge. Bon nombre d\u2019entre eux exprimaient les difficult\u00e9s et les questionnements rencontr\u00e9s durant le confinement v\u00e9cu \u00e0 l\u2019occasion de la crise du Covid-19.<br>Cette lecture nous a donn\u00e9 l\u2019envie de nous exprimer \u00e0 notre tour et d\u2019\u00e9crire ainsi ces quelques phrases que nous vous invitons \u00e0 parcourir\u2026 <\/p>\n\n\n\n<p>voici l&rsquo;article :  <a href=\"http:\/\/www.ecolelacroisette.be\/index.php\/2020\/06\/14\/paroles-de-confines-paroles-denfants-classe-de-p3-4\/\">http:\/\/www.ecolelacroisette.be\/index.php\/2020\/06\/14\/paroles-de-confines-paroles-denfants-classe-de-p3-4\/<\/a><\/p>\n\n\n\n<figure class=\"wp-block-embed-youtube wp-block-embed is-type-video is-provider-youtube wp-embed-aspect-16-9 wp-has-aspect-ratio\"><div class=\"wp-block-embed__wrapper\">\n<iframe title=\"La seconde rentr\u00e9e \u00e0 l&#039;\u00e9cole, mai 2020\" width=\"640\" height=\"360\" src=\"https:\/\/www.youtube.com\/embed\/3bB9r62CmkE?feature=oembed\" frameborder=\"0\" allow=\"accelerometer; autoplay; encrypted-media; gyroscope; picture-in-picture\" allowfullscreen><\/iframe>\n<\/div><\/figure>\n\n\n\n<h3>De vos nouvelles!<\/h3>\n\n\n\n<p class=\"has-normal-font-size\"><em>Cette rubrique permet de cr\u00e9er du lien durant la p\u00e9riode de confinement entre les diff\u00e9rents membres de l&rsquo;\u00e9cole de la Croisette&#8230;<\/em><\/p>\n\n\n\n<p class=\"has-normal-font-size\"> <em>N&rsquo;h\u00e9sitez pas \u00e0 envoyer une photo bien sympa, un dessin ou toute autre chose qui pourra faire sourire&#8230;<\/em> <\/p>\n\n\n\n<figure class=\"wp-block-gallery columns-1 is-cropped\"><ul class=\"blocks-gallery-grid\"><li class=\"blocks-gallery-item\"><figure><a href=\"http:\/\/www.ecolelacroisette.be\/wp-content\/uploads\/2020\/06\/Thomas-challenge-art.png\"><img loading=\"lazy\" width=\"455\" height=\"404\" src=\"http:\/\/www.ecolelacroisette.be\/wp-content\/uploads\/2020\/06\/Thomas-challenge-art.png\" alt=\"\" data-id=\"2476\" data-full-url=\"http:\/\/www.ecolelacroisette.be\/wp-content\/uploads\/2020\/06\/Thomas-challenge-art.png\" data-link=\"http:\/\/www.ecolelacroisette.be\/index.php\/periode-de-confinement\/thomas-challenge-art\/\" class=\"wp-image-2476\" srcset=\"https:\/\/www.ecolelacroisette.be\/wp-content\/uploads\/2020\/06\/Thomas-challenge-art.png 455w, https:\/\/www.ecolelacroisette.be\/wp-content\/uploads\/2020\/06\/Thomas-challenge-art-300x266.png 300w\" sizes=\"(max-width: 455px) 100vw, 455px\" \/><\/a><\/figure><\/li><\/ul><figcaption class=\"blocks-gallery-caption\">Thomas: Challenge Art!<\/figcaption><\/figure>\n\n\n\n<figure class=\"wp-block-embed-youtube wp-block-embed is-type-video is-provider-youtube wp-embed-aspect-16-9 wp-has-aspect-ratio\"><div class=\"wp-block-embed__wrapper\">\n<iframe title=\"Devoir libre LEA DD, mai 2020\" width=\"640\" height=\"360\" src=\"https:\/\/www.youtube.com\/embed\/ebIBi9MdwXc?feature=oembed\" frameborder=\"0\" allow=\"accelerometer; autoplay; encrypted-media; gyroscope; picture-in-picture\" allowfullscreen><\/iframe>\n<\/div><\/figure>\n\n\n\n<figure class=\"wp-block-embed-youtube wp-block-embed is-type-video is-provider-youtube wp-embed-aspect-16-9 wp-has-aspect-ratio\"><div class=\"wp-block-embed__wrapper\">\n<iframe title=\"Devoir libre Louis\" width=\"640\" height=\"360\" src=\"https:\/\/www.youtube.com\/embed\/eumZCga8vng?feature=oembed\" frameborder=\"0\" allow=\"accelerometer; autoplay; encrypted-media; gyroscope; picture-in-picture\" allowfullscreen><\/iframe>\n<\/div><\/figure>\n\n\n\n<figure class=\"wp-block-embed-youtube wp-block-embed is-type-video is-provider-youtube wp-embed-aspect-4-3 wp-has-aspect-ratio\"><div class=\"wp-block-embed__wrapper\">\n<iframe title=\"Les moissonneuses, devoir libre de Georges, mai 2020\" width=\"640\" height=\"480\" src=\"https:\/\/www.youtube.com\/embed\/Orplbj_w9VA?feature=oembed\" frameborder=\"0\" allow=\"accelerometer; autoplay; encrypted-media; gyroscope; picture-in-picture\" allowfullscreen><\/iframe>\n<\/div><\/figure>\n\n\n\n<figure class=\"wp-block-embed-youtube wp-block-embed is-type-video is-provider-youtube wp-embed-aspect-16-9 wp-has-aspect-ratio\"><div class=\"wp-block-embed__wrapper\">\n<iframe title=\"devoir libre de Cyril, mai 2020,  le potager\" width=\"640\" height=\"360\" src=\"https:\/\/www.youtube.com\/embed\/JLp5gBaAJm4?feature=oembed\" frameborder=\"0\" allow=\"accelerometer; autoplay; encrypted-media; gyroscope; picture-in-picture\" allowfullscreen><\/iframe>\n<\/div><\/figure>\n\n\n\n<figure class=\"wp-block-embed-youtube wp-block-embed is-type-video is-provider-youtube wp-embed-aspect-16-9 wp-has-aspect-ratio\"><div class=\"wp-block-embed__wrapper\">\n<iframe title=\"Fondants au chocolat par Zo\u00e9\" width=\"640\" height=\"360\" src=\"https:\/\/www.youtube.com\/embed\/n_c4JUrdD2o?feature=oembed\" frameborder=\"0\" allow=\"accelerometer; autoplay; encrypted-media; gyroscope; picture-in-picture\" allowfullscreen><\/iframe>\n<\/div><\/figure>\n\n\n\n<figure class=\"wp-block-embed-youtube wp-block-embed is-type-video is-provider-youtube wp-embed-aspect-4-3 wp-has-aspect-ratio\"><div class=\"wp-block-embed__wrapper\">\n<iframe title=\"Gym travail libre de L\u00e9a\" width=\"640\" height=\"480\" src=\"https:\/\/www.youtube.com\/embed\/nld4ckcX_5c?feature=oembed\" frameborder=\"0\" allow=\"accelerometer; autoplay; encrypted-media; gyroscope; picture-in-picture\" allowfullscreen><\/iframe>\n<\/div><\/figure>\n\n\n\n<figure class=\"wp-block-embed-youtube wp-block-embed is-type-video is-provider-youtube wp-embed-aspect-16-9 wp-has-aspect-ratio\"><div class=\"wp-block-embed__wrapper\">\n<iframe title=\"Jules pr\u00e9sentation v\u00e9lo 16.05\" width=\"640\" height=\"360\" src=\"https:\/\/www.youtube.com\/embed\/eOo-yfV4htQ?feature=oembed\" frameborder=\"0\" allow=\"accelerometer; autoplay; encrypted-media; gyroscope; picture-in-picture\" allowfullscreen><\/iframe>\n<\/div><\/figure>\n\n\n\n<figure class=\"wp-block-image size-large is-resized\"><a href=\"http:\/\/www.ecolelacroisette.be\/wp-content\/uploads\/2020\/05\/Voyager-pendant-le-confinement-une-pr\u00e9sentation-de-Matt\u00e9o.pdf\"><img loading=\"lazy\" src=\"http:\/\/www.ecolelacroisette.be\/wp-content\/uploads\/2020\/05\/Voyager-pendant-le-confinement-une-pr\u00e9sentation-de-Matt\u00e9o-1.jpg\" alt=\"\" class=\"wp-image-2387\" width=\"632\" height=\"474\" srcset=\"https:\/\/www.ecolelacroisette.be\/wp-content\/uploads\/2020\/05\/Voyager-pendant-le-confinement-une-pr\u00e9sentation-de-Matt\u00e9o-1.jpg 705w, https:\/\/www.ecolelacroisette.be\/wp-content\/uploads\/2020\/05\/Voyager-pendant-le-confinement-une-pr\u00e9sentation-de-Matt\u00e9o-1-300x225.jpg 300w\" sizes=\"(max-width: 632px) 100vw, 632px\" \/><\/a><\/figure>\n\n\n\n<div class=\"wp-block-group\"><div class=\"wp-block-group__inner-container\">\n<div class=\"wp-block-file\"><a href=\"http:\/\/www.ecolelacroisette.be\/wp-content\/uploads\/2020\/05\/Voyager-pendant-le-confinement-une-pr\u00e9sentation-de-Matt\u00e9o.pdf\">Voyager pendant le confinement: une pr\u00e9sentation de Matt\u00e9o<\/a><a href=\"http:\/\/www.ecolelacroisette.be\/wp-content\/uploads\/2020\/05\/Voyager-pendant-le-confinement-une-pr\u00e9sentation-de-Matt\u00e9o.pdf\" class=\"wp-block-file__button\" download>T\u00e9l\u00e9charger (PDF)<\/a><\/div>\n\n\n\n<div class=\"wp-block-file\"><a href=\"http:\/\/www.ecolelacroisette.be\/wp-content\/uploads\/2020\/05\/Voyager-pendant-le-confinement-une-pr\u00e9sentation-de-Matt\u00e9o.pptx\">                                                                                                                   <\/a><a href=\"http:\/\/www.ecolelacroisette.be\/wp-content\/uploads\/2020\/05\/Voyager-pendant-le-confinement-une-pr\u00e9sentation-de-Matt\u00e9o.pptx\" class=\"wp-block-file__button\" download>T\u00e9l\u00e9charger (Powerpoint)<\/a><\/div>\n<\/div><\/div>\n\n\n\n<figure class=\"wp-block-embed-youtube wp-block-embed is-type-video is-provider-youtube wp-embed-aspect-4-3 wp-has-aspect-ratio\"><div class=\"wp-block-embed__wrapper\">\n<iframe title=\"Vid\u00e9o Firmin, mai 2020, devoir libre\" width=\"640\" height=\"480\" src=\"https:\/\/www.youtube.com\/embed\/blfzYskSPw4?feature=oembed\" frameborder=\"0\" allow=\"accelerometer; autoplay; encrypted-media; gyroscope; picture-in-picture\" allowfullscreen><\/iframe>\n<\/div><\/figure>\n\n\n\n<figure class=\"wp-block-gallery columns-2\"><ul class=\"blocks-gallery-grid\"><li class=\"blocks-gallery-item\"><figure><a href=\"http:\/\/www.ecolelacroisette.be\/wp-content\/uploads\/2020\/05\/confinement_Cyril-1.jpg\"><img loading=\"lazy\" width=\"768\" height=\"1024\" src=\"http:\/\/www.ecolelacroisette.be\/wp-content\/uploads\/2020\/05\/confinement_Cyril-1-768x1024.jpg\" alt=\"\" data-id=\"2375\" data-full-url=\"http:\/\/www.ecolelacroisette.be\/wp-content\/uploads\/2020\/05\/confinement_Cyril-1.jpg\" data-link=\"http:\/\/www.ecolelacroisette.be\/index.php\/periode-de-confinement\/confinement_cyril-1\/\" class=\"wp-image-2375\" srcset=\"https:\/\/www.ecolelacroisette.be\/wp-content\/uploads\/2020\/05\/confinement_Cyril-1-768x1024.jpg 768w, https:\/\/www.ecolelacroisette.be\/wp-content\/uploads\/2020\/05\/confinement_Cyril-1-225x300.jpg 225w, https:\/\/www.ecolelacroisette.be\/wp-content\/uploads\/2020\/05\/confinement_Cyril-1.jpg 1024w\" sizes=\"(max-width: 768px) 100vw, 768px\" \/><\/a><\/figure><\/li><li class=\"blocks-gallery-item\"><figure><a href=\"http:\/\/www.ecolelacroisette.be\/wp-content\/uploads\/2020\/05\/confinement_Cyril-2.jpg\"><img loading=\"lazy\" width=\"768\" height=\"1024\" src=\"http:\/\/www.ecolelacroisette.be\/wp-content\/uploads\/2020\/05\/confinement_Cyril-2-768x1024.jpg\" alt=\"\" data-id=\"2376\" data-full-url=\"http:\/\/www.ecolelacroisette.be\/wp-content\/uploads\/2020\/05\/confinement_Cyril-2.jpg\" data-link=\"http:\/\/www.ecolelacroisette.be\/index.php\/periode-de-confinement\/confinement_cyril-2\/\" class=\"wp-image-2376\" srcset=\"https:\/\/www.ecolelacroisette.be\/wp-content\/uploads\/2020\/05\/confinement_Cyril-2-768x1024.jpg 768w, https:\/\/www.ecolelacroisette.be\/wp-content\/uploads\/2020\/05\/confinement_Cyril-2-225x300.jpg 225w, https:\/\/www.ecolelacroisette.be\/wp-content\/uploads\/2020\/05\/confinement_Cyril-2.jpg 1024w\" sizes=\"(max-width: 768px) 100vw, 768px\" \/><\/a><\/figure><\/li><li class=\"blocks-gallery-item\"><figure><a href=\"http:\/\/www.ecolelacroisette.be\/wp-content\/uploads\/2020\/05\/confinement_Julien-20200514_174122.jpg\"><img loading=\"lazy\" width=\"1024\" height=\"768\" src=\"http:\/\/www.ecolelacroisette.be\/wp-content\/uploads\/2020\/05\/confinement_Julien-20200514_174122.jpg\" alt=\"\" data-id=\"2377\" data-full-url=\"http:\/\/www.ecolelacroisette.be\/wp-content\/uploads\/2020\/05\/confinement_Julien-20200514_174122.jpg\" data-link=\"http:\/\/www.ecolelacroisette.be\/index.php\/periode-de-confinement\/confinement_julien-20200514_174122\/\" class=\"wp-image-2377\" srcset=\"https:\/\/www.ecolelacroisette.be\/wp-content\/uploads\/2020\/05\/confinement_Julien-20200514_174122.jpg 1024w, https:\/\/www.ecolelacroisette.be\/wp-content\/uploads\/2020\/05\/confinement_Julien-20200514_174122-300x225.jpg 300w, https:\/\/www.ecolelacroisette.be\/wp-content\/uploads\/2020\/05\/confinement_Julien-20200514_174122-768x576.jpg 768w\" sizes=\"(max-width: 1024px) 100vw, 1024px\" \/><\/a><\/figure><\/li><\/ul><\/figure>\n\n\n\n<figure class=\"wp-block-embed-youtube wp-block-embed is-type-video is-provider-youtube wp-embed-aspect-16-9 wp-has-aspect-ratio\"><div class=\"wp-block-embed__wrapper\">\n<iframe title=\"El\u00e9onore tuto masque\" width=\"640\" height=\"360\" src=\"https:\/\/www.youtube.com\/embed\/gy_HjP6bKI0?feature=oembed\" frameborder=\"0\" allow=\"accelerometer; autoplay; encrypted-media; gyroscope; picture-in-picture\" allowfullscreen><\/iframe>\n<\/div><\/figure>\n\n\n\n<figure class=\"wp-block-gallery columns-2\"><ul class=\"blocks-gallery-grid\"><li class=\"blocks-gallery-item\"><figure><a href=\"http:\/\/www.ecolelacroisette.be\/wp-content\/uploads\/2020\/05\/confirement_antoine_romain_1.jpg\"><img loading=\"lazy\" width=\"768\" height=\"1024\" src=\"http:\/\/www.ecolelacroisette.be\/wp-content\/uploads\/2020\/05\/confirement_antoine_romain_1-768x1024.jpg\" alt=\"\" data-id=\"2344\" data-full-url=\"http:\/\/www.ecolelacroisette.be\/wp-content\/uploads\/2020\/05\/confirement_antoine_romain_1.jpg\" data-link=\"http:\/\/www.ecolelacroisette.be\/index.php\/periode-de-confinement\/confirement_antoine_romain_1\/\" class=\"wp-image-2344\" srcset=\"https:\/\/www.ecolelacroisette.be\/wp-content\/uploads\/2020\/05\/confirement_antoine_romain_1-768x1024.jpg 768w, https:\/\/www.ecolelacroisette.be\/wp-content\/uploads\/2020\/05\/confirement_antoine_romain_1-225x300.jpg 225w, https:\/\/www.ecolelacroisette.be\/wp-content\/uploads\/2020\/05\/confirement_antoine_romain_1.jpg 1024w\" sizes=\"(max-width: 768px) 100vw, 768px\" \/><\/a><\/figure><\/li><li class=\"blocks-gallery-item\"><figure><a href=\"http:\/\/www.ecolelacroisette.be\/wp-content\/uploads\/2020\/05\/confirement_antoine_romain_2.jpg\"><img loading=\"lazy\" width=\"768\" height=\"1024\" src=\"http:\/\/www.ecolelacroisette.be\/wp-content\/uploads\/2020\/05\/confirement_antoine_romain_2-768x1024.jpg\" alt=\"\" data-id=\"2345\" data-full-url=\"http:\/\/www.ecolelacroisette.be\/wp-content\/uploads\/2020\/05\/confirement_antoine_romain_2.jpg\" data-link=\"http:\/\/www.ecolelacroisette.be\/index.php\/periode-de-confinement\/confirement_antoine_romain_2\/\" class=\"wp-image-2345\" srcset=\"https:\/\/www.ecolelacroisette.be\/wp-content\/uploads\/2020\/05\/confirement_antoine_romain_2-768x1024.jpg 768w, https:\/\/www.ecolelacroisette.be\/wp-content\/uploads\/2020\/05\/confirement_antoine_romain_2-225x300.jpg 225w, https:\/\/www.ecolelacroisette.be\/wp-content\/uploads\/2020\/05\/confirement_antoine_romain_2.jpg 1024w\" sizes=\"(max-width: 768px) 100vw, 768px\" \/><\/a><\/figure><\/li><li class=\"blocks-gallery-item\"><figure><a href=\"http:\/\/www.ecolelacroisette.be\/wp-content\/uploads\/2020\/05\/confirement_louna_1.jpg\"><img loading=\"lazy\" width=\"498\" height=\"1024\" src=\"http:\/\/www.ecolelacroisette.be\/wp-content\/uploads\/2020\/05\/confirement_louna_1-498x1024.jpg\" alt=\"\" data-id=\"2346\" data-full-url=\"http:\/\/www.ecolelacroisette.be\/wp-content\/uploads\/2020\/05\/confirement_louna_1.jpg\" data-link=\"http:\/\/www.ecolelacroisette.be\/index.php\/periode-de-confinement\/confirement_louna_1\/\" class=\"wp-image-2346\" srcset=\"https:\/\/www.ecolelacroisette.be\/wp-content\/uploads\/2020\/05\/confirement_louna_1-498x1024.jpg 498w, https:\/\/www.ecolelacroisette.be\/wp-content\/uploads\/2020\/05\/confirement_louna_1-146x300.jpg 146w, https:\/\/www.ecolelacroisette.be\/wp-content\/uploads\/2020\/05\/confirement_louna_1-768x1579.jpg 768w, https:\/\/www.ecolelacroisette.be\/wp-content\/uploads\/2020\/05\/confirement_louna_1-747x1536.jpg 747w, https:\/\/www.ecolelacroisette.be\/wp-content\/uploads\/2020\/05\/confirement_louna_1-996x2048.jpg 996w, https:\/\/www.ecolelacroisette.be\/wp-content\/uploads\/2020\/05\/confirement_louna_1.jpg 1024w\" sizes=\"(max-width: 498px) 100vw, 498px\" \/><\/a><\/figure><\/li><li class=\"blocks-gallery-item\"><figure><a href=\"http:\/\/www.ecolelacroisette.be\/wp-content\/uploads\/2020\/05\/confirement_louna_3.jpg\"><img loading=\"lazy\" width=\"498\" height=\"1024\" src=\"http:\/\/www.ecolelacroisette.be\/wp-content\/uploads\/2020\/05\/confirement_louna_3-498x1024.jpg\" alt=\"\" data-id=\"2348\" data-full-url=\"http:\/\/www.ecolelacroisette.be\/wp-content\/uploads\/2020\/05\/confirement_louna_3.jpg\" data-link=\"http:\/\/www.ecolelacroisette.be\/index.php\/periode-de-confinement\/confirement_louna_3\/\" class=\"wp-image-2348\" srcset=\"https:\/\/www.ecolelacroisette.be\/wp-content\/uploads\/2020\/05\/confirement_louna_3-498x1024.jpg 498w, https:\/\/www.ecolelacroisette.be\/wp-content\/uploads\/2020\/05\/confirement_louna_3-146x300.jpg 146w, https:\/\/www.ecolelacroisette.be\/wp-content\/uploads\/2020\/05\/confirement_louna_3-768x1580.jpg 768w, https:\/\/www.ecolelacroisette.be\/wp-content\/uploads\/2020\/05\/confirement_louna_3-746x1536.jpg 746w, https:\/\/www.ecolelacroisette.be\/wp-content\/uploads\/2020\/05\/confirement_louna_3-995x2048.jpg 995w, https:\/\/www.ecolelacroisette.be\/wp-content\/uploads\/2020\/05\/confirement_louna_3.jpg 1024w\" sizes=\"(max-width: 498px) 100vw, 498px\" \/><\/a><\/figure><\/li><li class=\"blocks-gallery-item\"><figure><a href=\"http:\/\/www.ecolelacroisette.be\/wp-content\/uploads\/2020\/05\/confirement_louna_2.jpg\"><img loading=\"lazy\" width=\"1024\" height=\"498\" src=\"http:\/\/www.ecolelacroisette.be\/wp-content\/uploads\/2020\/05\/confirement_louna_2.jpg\" alt=\"\" data-id=\"2347\" data-full-url=\"http:\/\/www.ecolelacroisette.be\/wp-content\/uploads\/2020\/05\/confirement_louna_2.jpg\" data-link=\"http:\/\/www.ecolelacroisette.be\/index.php\/periode-de-confinement\/confirement_louna_2\/\" class=\"wp-image-2347\" srcset=\"https:\/\/www.ecolelacroisette.be\/wp-content\/uploads\/2020\/05\/confirement_louna_2.jpg 1024w, https:\/\/www.ecolelacroisette.be\/wp-content\/uploads\/2020\/05\/confirement_louna_2-300x146.jpg 300w, https:\/\/www.ecolelacroisette.be\/wp-content\/uploads\/2020\/05\/confirement_louna_2-768x374.jpg 768w\" sizes=\"(max-width: 1024px) 100vw, 1024px\" \/><\/a><\/figure><\/li><\/ul><\/figure>\n\n\n\n<figure class=\"wp-block-embed-youtube wp-block-embed is-type-video is-provider-youtube wp-embed-aspect-16-9 wp-has-aspect-ratio\"><div class=\"wp-block-embed__wrapper\">\n<iframe title=\"Arthur, confinement mai 2020\" width=\"640\" height=\"360\" src=\"https:\/\/www.youtube.com\/embed\/rbyIk-twGGU?feature=oembed\" frameborder=\"0\" allow=\"accelerometer; autoplay; encrypted-media; gyroscope; picture-in-picture\" allowfullscreen><\/iframe>\n<\/div><\/figure>\n\n\n\n<figure class=\"wp-block-gallery columns-2\"><ul class=\"blocks-gallery-grid\"><li class=\"blocks-gallery-item\"><figure><a href=\"http:\/\/www.ecolelacroisette.be\/wp-content\/uploads\/2020\/05\/Arthur-2.jpg\"><img loading=\"lazy\" width=\"498\" height=\"1024\" src=\"http:\/\/www.ecolelacroisette.be\/wp-content\/uploads\/2020\/05\/Arthur-2-498x1024.jpg\" alt=\"\" data-id=\"2330\" data-full-url=\"http:\/\/www.ecolelacroisette.be\/wp-content\/uploads\/2020\/05\/Arthur-2.jpg\" data-link=\"http:\/\/www.ecolelacroisette.be\/index.php\/periode-de-confinement\/arthur-2\/\" class=\"wp-image-2330\" srcset=\"https:\/\/www.ecolelacroisette.be\/wp-content\/uploads\/2020\/05\/Arthur-2-498x1024.jpg 498w, https:\/\/www.ecolelacroisette.be\/wp-content\/uploads\/2020\/05\/Arthur-2-146x300.jpg 146w, https:\/\/www.ecolelacroisette.be\/wp-content\/uploads\/2020\/05\/Arthur-2-768x1580.jpg 768w, https:\/\/www.ecolelacroisette.be\/wp-content\/uploads\/2020\/05\/Arthur-2-747x1536.jpg 747w, https:\/\/www.ecolelacroisette.be\/wp-content\/uploads\/2020\/05\/Arthur-2.jpg 933w\" sizes=\"(max-width: 498px) 100vw, 498px\" \/><\/a><\/figure><\/li><li class=\"blocks-gallery-item\"><figure><a href=\"http:\/\/www.ecolelacroisette.be\/wp-content\/uploads\/2020\/05\/Arthur.jpg\"><img loading=\"lazy\" width=\"676\" height=\"866\" src=\"http:\/\/www.ecolelacroisette.be\/wp-content\/uploads\/2020\/05\/Arthur.jpg\" alt=\"\" data-id=\"2331\" data-full-url=\"http:\/\/www.ecolelacroisette.be\/wp-content\/uploads\/2020\/05\/Arthur.jpg\" data-link=\"http:\/\/www.ecolelacroisette.be\/index.php\/periode-de-confinement\/arthur\/\" class=\"wp-image-2331\" srcset=\"https:\/\/www.ecolelacroisette.be\/wp-content\/uploads\/2020\/05\/Arthur.jpg 676w, https:\/\/www.ecolelacroisette.be\/wp-content\/uploads\/2020\/05\/Arthur-234x300.jpg 234w\" sizes=\"(max-width: 676px) 100vw, 676px\" \/><\/a><\/figure><\/li><\/ul><\/figure>\n\n\n\n<figure class=\"wp-block-embed-youtube wp-block-embed is-type-video is-provider-youtube wp-embed-aspect-16-9 wp-has-aspect-ratio\"><div class=\"wp-block-embed__wrapper\">\n<iframe title=\"20200401 1040511\" width=\"640\" height=\"360\" src=\"https:\/\/www.youtube.com\/embed\/UwkczwziJRo?feature=oembed\" frameborder=\"0\" allow=\"accelerometer; autoplay; encrypted-media; gyroscope; picture-in-picture\" allowfullscreen><\/iframe>\n<\/div><figcaption><strong> Vid\u00e9o du 1er avril chez Charlie <\/strong><\/figcaption><\/figure>\n\n\n\n<figure class=\"wp-block-gallery columns-2\"><ul class=\"blocks-gallery-grid\"><li class=\"blocks-gallery-item\"><figure><a href=\"http:\/\/www.ecolelacroisette.be\/wp-content\/uploads\/2020\/04\/20200401_111051.jpg\"><img loading=\"lazy\" width=\"1024\" height=\"768\" src=\"http:\/\/www.ecolelacroisette.be\/wp-content\/uploads\/2020\/04\/20200401_111051.jpg\" alt=\"\" data-id=\"2182\" data-full-url=\"http:\/\/www.ecolelacroisette.be\/wp-content\/uploads\/2020\/04\/20200401_111051.jpg\" data-link=\"http:\/\/www.ecolelacroisette.be\/index.php\/periode-de-confinement\/20200401_111051\/\" class=\"wp-image-2182\" srcset=\"https:\/\/www.ecolelacroisette.be\/wp-content\/uploads\/2020\/04\/20200401_111051.jpg 1024w, https:\/\/www.ecolelacroisette.be\/wp-content\/uploads\/2020\/04\/20200401_111051-300x225.jpg 300w, https:\/\/www.ecolelacroisette.be\/wp-content\/uploads\/2020\/04\/20200401_111051-768x576.jpg 768w\" sizes=\"(max-width: 1024px) 100vw, 1024px\" \/><\/a><\/figure><\/li><li class=\"blocks-gallery-item\"><figure><a href=\"http:\/\/www.ecolelacroisette.be\/wp-content\/uploads\/2020\/04\/90790668_523796628501711_8595482800688201728_n.jpg\"><img loading=\"lazy\" width=\"768\" height=\"1024\" src=\"http:\/\/www.ecolelacroisette.be\/wp-content\/uploads\/2020\/04\/90790668_523796628501711_8595482800688201728_n-768x1024.jpg\" alt=\"\" data-id=\"2183\" data-full-url=\"http:\/\/www.ecolelacroisette.be\/wp-content\/uploads\/2020\/04\/90790668_523796628501711_8595482800688201728_n.jpg\" data-link=\"http:\/\/www.ecolelacroisette.be\/index.php\/periode-de-confinement\/90790668_523796628501711_8595482800688201728_n\/\" class=\"wp-image-2183\" srcset=\"https:\/\/www.ecolelacroisette.be\/wp-content\/uploads\/2020\/04\/90790668_523796628501711_8595482800688201728_n-768x1024.jpg 768w, https:\/\/www.ecolelacroisette.be\/wp-content\/uploads\/2020\/04\/90790668_523796628501711_8595482800688201728_n-225x300.jpg 225w, https:\/\/www.ecolelacroisette.be\/wp-content\/uploads\/2020\/04\/90790668_523796628501711_8595482800688201728_n-1152x1536.jpg 1152w, https:\/\/www.ecolelacroisette.be\/wp-content\/uploads\/2020\/04\/90790668_523796628501711_8595482800688201728_n.jpg 1536w\" sizes=\"(max-width: 768px) 100vw, 768px\" \/><\/a><\/figure><\/li><li class=\"blocks-gallery-item\"><figure><a href=\"http:\/\/www.ecolelacroisette.be\/wp-content\/uploads\/2020\/04\/91440988_235474740900500_3240318242308227072_n.jpg\"><img loading=\"lazy\" width=\"1024\" height=\"768\" src=\"http:\/\/www.ecolelacroisette.be\/wp-content\/uploads\/2020\/04\/91440988_235474740900500_3240318242308227072_n-1024x768.jpg\" alt=\"\" data-id=\"2184\" data-full-url=\"http:\/\/www.ecolelacroisette.be\/wp-content\/uploads\/2020\/04\/91440988_235474740900500_3240318242308227072_n.jpg\" data-link=\"http:\/\/www.ecolelacroisette.be\/index.php\/periode-de-confinement\/91440988_235474740900500_3240318242308227072_n\/\" class=\"wp-image-2184\" srcset=\"https:\/\/www.ecolelacroisette.be\/wp-content\/uploads\/2020\/04\/91440988_235474740900500_3240318242308227072_n-1024x768.jpg 1024w, https:\/\/www.ecolelacroisette.be\/wp-content\/uploads\/2020\/04\/91440988_235474740900500_3240318242308227072_n-300x225.jpg 300w, https:\/\/www.ecolelacroisette.be\/wp-content\/uploads\/2020\/04\/91440988_235474740900500_3240318242308227072_n-768x576.jpg 768w, https:\/\/www.ecolelacroisette.be\/wp-content\/uploads\/2020\/04\/91440988_235474740900500_3240318242308227072_n-1536x1152.jpg 1536w, https:\/\/www.ecolelacroisette.be\/wp-content\/uploads\/2020\/04\/91440988_235474740900500_3240318242308227072_n.jpg 2048w\" sizes=\"(max-width: 1024px) 100vw, 1024px\" \/><\/a><\/figure><\/li><li class=\"blocks-gallery-item\"><figure><a href=\"http:\/\/www.ecolelacroisette.be\/wp-content\/uploads\/2020\/04\/91500886_221475199071416_5570874441803497472_n.jpg\"><img loading=\"lazy\" width=\"768\" height=\"1024\" src=\"http:\/\/www.ecolelacroisette.be\/wp-content\/uploads\/2020\/04\/91500886_221475199071416_5570874441803497472_n-768x1024.jpg\" alt=\"\" data-id=\"2185\" data-full-url=\"http:\/\/www.ecolelacroisette.be\/wp-content\/uploads\/2020\/04\/91500886_221475199071416_5570874441803497472_n.jpg\" data-link=\"http:\/\/www.ecolelacroisette.be\/index.php\/periode-de-confinement\/91500886_221475199071416_5570874441803497472_n\/\" class=\"wp-image-2185\" srcset=\"https:\/\/www.ecolelacroisette.be\/wp-content\/uploads\/2020\/04\/91500886_221475199071416_5570874441803497472_n-768x1024.jpg 768w, https:\/\/www.ecolelacroisette.be\/wp-content\/uploads\/2020\/04\/91500886_221475199071416_5570874441803497472_n-225x300.jpg 225w, https:\/\/www.ecolelacroisette.be\/wp-content\/uploads\/2020\/04\/91500886_221475199071416_5570874441803497472_n-1152x1536.jpg 1152w, https:\/\/www.ecolelacroisette.be\/wp-content\/uploads\/2020\/04\/91500886_221475199071416_5570874441803497472_n.jpg 1536w\" sizes=\"(max-width: 768px) 100vw, 768px\" \/><\/a><\/figure><\/li><\/ul><\/figure>\n\n\n\n<figure class=\"wp-block-gallery columns-2\"><ul class=\"blocks-gallery-grid\"><li class=\"blocks-gallery-item\"><figure><a href=\"http:\/\/www.ecolelacroisette.be\/wp-content\/uploads\/2020\/03\/confinement_IMG-20200317-WA0015.jpg\"><img loading=\"lazy\" width=\"576\" height=\"1024\" src=\"http:\/\/www.ecolelacroisette.be\/wp-content\/uploads\/2020\/03\/confinement_IMG-20200317-WA0015-576x1024.jpg\" alt=\"\" data-id=\"2142\" data-full-url=\"http:\/\/www.ecolelacroisette.be\/wp-content\/uploads\/2020\/03\/confinement_IMG-20200317-WA0015.jpg\" data-link=\"http:\/\/www.ecolelacroisette.be\/index.php\/periode-de-confinement\/confinement_img-20200317-wa0015\/\" class=\"wp-image-2142\" srcset=\"https:\/\/www.ecolelacroisette.be\/wp-content\/uploads\/2020\/03\/confinement_IMG-20200317-WA0015-576x1024.jpg 576w, https:\/\/www.ecolelacroisette.be\/wp-content\/uploads\/2020\/03\/confinement_IMG-20200317-WA0015-169x300.jpg 169w, https:\/\/www.ecolelacroisette.be\/wp-content\/uploads\/2020\/03\/confinement_IMG-20200317-WA0015-768x1365.jpg 768w, https:\/\/www.ecolelacroisette.be\/wp-content\/uploads\/2020\/03\/confinement_IMG-20200317-WA0015-864x1536.jpg 864w, https:\/\/www.ecolelacroisette.be\/wp-content\/uploads\/2020\/03\/confinement_IMG-20200317-WA0015.jpg 1024w\" sizes=\"(max-width: 576px) 100vw, 576px\" \/><\/a><\/figure><\/li><li class=\"blocks-gallery-item\"><figure><a href=\"http:\/\/www.ecolelacroisette.be\/wp-content\/uploads\/2020\/03\/confinement_IMG-20200319-WA0001.jpg\"><img loading=\"lazy\" width=\"1024\" height=\"768\" src=\"http:\/\/www.ecolelacroisette.be\/wp-content\/uploads\/2020\/03\/confinement_IMG-20200319-WA0001.jpg\" alt=\"\" data-id=\"2143\" data-full-url=\"http:\/\/www.ecolelacroisette.be\/wp-content\/uploads\/2020\/03\/confinement_IMG-20200319-WA0001.jpg\" data-link=\"http:\/\/www.ecolelacroisette.be\/index.php\/periode-de-confinement\/confinement_img-20200319-wa0001\/\" class=\"wp-image-2143\" srcset=\"https:\/\/www.ecolelacroisette.be\/wp-content\/uploads\/2020\/03\/confinement_IMG-20200319-WA0001.jpg 1024w, https:\/\/www.ecolelacroisette.be\/wp-content\/uploads\/2020\/03\/confinement_IMG-20200319-WA0001-300x225.jpg 300w, https:\/\/www.ecolelacroisette.be\/wp-content\/uploads\/2020\/03\/confinement_IMG-20200319-WA0001-768x576.jpg 768w\" sizes=\"(max-width: 1024px) 100vw, 1024px\" \/><\/a><\/figure><\/li><li class=\"blocks-gallery-item\"><figure><a href=\"http:\/\/www.ecolelacroisette.be\/wp-content\/uploads\/2020\/03\/confinement_IMG-20200319-WA0021.jpg\"><img loading=\"lazy\" width=\"576\" height=\"1024\" src=\"http:\/\/www.ecolelacroisette.be\/wp-content\/uploads\/2020\/03\/confinement_IMG-20200319-WA0021-576x1024.jpg\" alt=\"\" data-id=\"2144\" data-full-url=\"http:\/\/www.ecolelacroisette.be\/wp-content\/uploads\/2020\/03\/confinement_IMG-20200319-WA0021.jpg\" data-link=\"http:\/\/www.ecolelacroisette.be\/index.php\/periode-de-confinement\/confinement_img-20200319-wa0021\/\" class=\"wp-image-2144\" srcset=\"https:\/\/www.ecolelacroisette.be\/wp-content\/uploads\/2020\/03\/confinement_IMG-20200319-WA0021-576x1024.jpg 576w, https:\/\/www.ecolelacroisette.be\/wp-content\/uploads\/2020\/03\/confinement_IMG-20200319-WA0021-169x300.jpg 169w, https:\/\/www.ecolelacroisette.be\/wp-content\/uploads\/2020\/03\/confinement_IMG-20200319-WA0021-768x1365.jpg 768w, https:\/\/www.ecolelacroisette.be\/wp-content\/uploads\/2020\/03\/confinement_IMG-20200319-WA0021-864x1536.jpg 864w, https:\/\/www.ecolelacroisette.be\/wp-content\/uploads\/2020\/03\/confinement_IMG-20200319-WA0021.jpg 1024w\" sizes=\"(max-width: 576px) 100vw, 576px\" \/><\/a><\/figure><\/li><li class=\"blocks-gallery-item\"><figure><a href=\"http:\/\/www.ecolelacroisette.be\/wp-content\/uploads\/2020\/03\/confinement_IMG-20200325-WA0031.jpg\"><img loading=\"lazy\" width=\"768\" height=\"1024\" src=\"http:\/\/www.ecolelacroisette.be\/wp-content\/uploads\/2020\/03\/confinement_IMG-20200325-WA0031-768x1024.jpg\" alt=\"\" data-id=\"2145\" data-full-url=\"http:\/\/www.ecolelacroisette.be\/wp-content\/uploads\/2020\/03\/confinement_IMG-20200325-WA0031.jpg\" data-link=\"http:\/\/www.ecolelacroisette.be\/index.php\/periode-de-confinement\/confinement_img-20200325-wa0031\/\" class=\"wp-image-2145\" srcset=\"https:\/\/www.ecolelacroisette.be\/wp-content\/uploads\/2020\/03\/confinement_IMG-20200325-WA0031-768x1024.jpg 768w, https:\/\/www.ecolelacroisette.be\/wp-content\/uploads\/2020\/03\/confinement_IMG-20200325-WA0031-225x300.jpg 225w, https:\/\/www.ecolelacroisette.be\/wp-content\/uploads\/2020\/03\/confinement_IMG-20200325-WA0031.jpg 1024w\" sizes=\"(max-width: 768px) 100vw, 768px\" \/><\/a><\/figure><\/li><li class=\"blocks-gallery-item\"><figure><a href=\"http:\/\/www.ecolelacroisette.be\/wp-content\/uploads\/2020\/03\/confinement_IMG-20200325-WA0032.jpg\"><img loading=\"lazy\" width=\"768\" height=\"1024\" src=\"http:\/\/www.ecolelacroisette.be\/wp-content\/uploads\/2020\/03\/confinement_IMG-20200325-WA0032-768x1024.jpg\" alt=\"\" data-id=\"2146\" data-full-url=\"http:\/\/www.ecolelacroisette.be\/wp-content\/uploads\/2020\/03\/confinement_IMG-20200325-WA0032.jpg\" data-link=\"http:\/\/www.ecolelacroisette.be\/index.php\/periode-de-confinement\/confinement_img-20200325-wa0032\/\" class=\"wp-image-2146\" srcset=\"https:\/\/www.ecolelacroisette.be\/wp-content\/uploads\/2020\/03\/confinement_IMG-20200325-WA0032-768x1024.jpg 768w, https:\/\/www.ecolelacroisette.be\/wp-content\/uploads\/2020\/03\/confinement_IMG-20200325-WA0032-225x300.jpg 225w, https:\/\/www.ecolelacroisette.be\/wp-content\/uploads\/2020\/03\/confinement_IMG-20200325-WA0032.jpg 1024w\" sizes=\"(max-width: 768px) 100vw, 768px\" \/><\/a><\/figure><\/li><li class=\"blocks-gallery-item\"><figure><a href=\"http:\/\/www.ecolelacroisette.be\/wp-content\/uploads\/2020\/03\/confinement_IMG-20200325-WA0033.jpg\"><img loading=\"lazy\" width=\"768\" height=\"1024\" src=\"http:\/\/www.ecolelacroisette.be\/wp-content\/uploads\/2020\/03\/confinement_IMG-20200325-WA0033-768x1024.jpg\" alt=\"\" data-id=\"2147\" data-full-url=\"http:\/\/www.ecolelacroisette.be\/wp-content\/uploads\/2020\/03\/confinement_IMG-20200325-WA0033.jpg\" data-link=\"http:\/\/www.ecolelacroisette.be\/index.php\/periode-de-confinement\/confinement_img-20200325-wa0033\/\" class=\"wp-image-2147\" srcset=\"https:\/\/www.ecolelacroisette.be\/wp-content\/uploads\/2020\/03\/confinement_IMG-20200325-WA0033-768x1024.jpg 768w, https:\/\/www.ecolelacroisette.be\/wp-content\/uploads\/2020\/03\/confinement_IMG-20200325-WA0033-225x300.jpg 225w, https:\/\/www.ecolelacroisette.be\/wp-content\/uploads\/2020\/03\/confinement_IMG-20200325-WA0033.jpg 1024w\" sizes=\"(max-width: 768px) 100vw, 768px\" \/><\/a><\/figure><\/li><li class=\"blocks-gallery-item\"><figure><a href=\"http:\/\/www.ecolelacroisette.be\/wp-content\/uploads\/2020\/03\/confinement_IMG-20200325-WA0034.jpg\"><img loading=\"lazy\" width=\"768\" height=\"1024\" src=\"http:\/\/www.ecolelacroisette.be\/wp-content\/uploads\/2020\/03\/confinement_IMG-20200325-WA0034-768x1024.jpg\" alt=\"\" data-id=\"2148\" data-full-url=\"http:\/\/www.ecolelacroisette.be\/wp-content\/uploads\/2020\/03\/confinement_IMG-20200325-WA0034.jpg\" data-link=\"http:\/\/www.ecolelacroisette.be\/index.php\/periode-de-confinement\/confinement_img-20200325-wa0034\/\" class=\"wp-image-2148\" srcset=\"https:\/\/www.ecolelacroisette.be\/wp-content\/uploads\/2020\/03\/confinement_IMG-20200325-WA0034-768x1024.jpg 768w, https:\/\/www.ecolelacroisette.be\/wp-content\/uploads\/2020\/03\/confinement_IMG-20200325-WA0034-225x300.jpg 225w, https:\/\/www.ecolelacroisette.be\/wp-content\/uploads\/2020\/03\/confinement_IMG-20200325-WA0034.jpg 1024w\" sizes=\"(max-width: 768px) 100vw, 768px\" \/><\/a><\/figure><\/li><li class=\"blocks-gallery-item\"><figure><a href=\"http:\/\/www.ecolelacroisette.be\/wp-content\/uploads\/2020\/03\/confinement_IMG-20200325-WA0035.jpg\"><img loading=\"lazy\" width=\"768\" height=\"1024\" src=\"http:\/\/www.ecolelacroisette.be\/wp-content\/uploads\/2020\/03\/confinement_IMG-20200325-WA0035-768x1024.jpg\" alt=\"\" data-id=\"2149\" data-full-url=\"http:\/\/www.ecolelacroisette.be\/wp-content\/uploads\/2020\/03\/confinement_IMG-20200325-WA0035.jpg\" data-link=\"http:\/\/www.ecolelacroisette.be\/index.php\/periode-de-confinement\/confinement_img-20200325-wa0035\/\" class=\"wp-image-2149\" srcset=\"https:\/\/www.ecolelacroisette.be\/wp-content\/uploads\/2020\/03\/confinement_IMG-20200325-WA0035-768x1024.jpg 768w, https:\/\/www.ecolelacroisette.be\/wp-content\/uploads\/2020\/03\/confinement_IMG-20200325-WA0035-225x300.jpg 225w, https:\/\/www.ecolelacroisette.be\/wp-content\/uploads\/2020\/03\/confinement_IMG-20200325-WA0035.jpg 1024w\" sizes=\"(max-width: 768px) 100vw, 768px\" \/><\/a><\/figure><\/li><li class=\"blocks-gallery-item\"><figure><a href=\"http:\/\/www.ecolelacroisette.be\/wp-content\/uploads\/2020\/03\/confinement_IMG-20200325-WA0036.jpg\"><img loading=\"lazy\" width=\"768\" height=\"1024\" src=\"http:\/\/www.ecolelacroisette.be\/wp-content\/uploads\/2020\/03\/confinement_IMG-20200325-WA0036-768x1024.jpg\" alt=\"\" data-id=\"2150\" data-full-url=\"http:\/\/www.ecolelacroisette.be\/wp-content\/uploads\/2020\/03\/confinement_IMG-20200325-WA0036.jpg\" data-link=\"http:\/\/www.ecolelacroisette.be\/index.php\/periode-de-confinement\/confinement_img-20200325-wa0036\/\" class=\"wp-image-2150\" srcset=\"https:\/\/www.ecolelacroisette.be\/wp-content\/uploads\/2020\/03\/confinement_IMG-20200325-WA0036-768x1024.jpg 768w, https:\/\/www.ecolelacroisette.be\/wp-content\/uploads\/2020\/03\/confinement_IMG-20200325-WA0036-225x300.jpg 225w, https:\/\/www.ecolelacroisette.be\/wp-content\/uploads\/2020\/03\/confinement_IMG-20200325-WA0036.jpg 1024w\" sizes=\"(max-width: 768px) 100vw, 768px\" \/><\/a><\/figure><\/li><\/ul><\/figure>\n\n\n\n<figure class=\"wp-block-gallery columns-3 is-cropped\"><ul class=\"blocks-gallery-grid\"><li class=\"blocks-gallery-item\"><figure><a href=\"http:\/\/www.ecolelacroisette.be\/wp-content\/uploads\/2020\/03\/confinement_IMG_5030.jpg\"><img loading=\"lazy\" width=\"577\" height=\"1024\" src=\"http:\/\/www.ecolelacroisette.be\/wp-content\/uploads\/2020\/03\/confinement_IMG_5030-577x1024.jpg\" alt=\"\" data-id=\"2084\" data-full-url=\"http:\/\/www.ecolelacroisette.be\/wp-content\/uploads\/2020\/03\/confinement_IMG_5030.jpg\" data-link=\"http:\/\/www.ecolelacroisette.be\/index.php\/periode-de-confinement\/confinement_img_5030\/\" class=\"wp-image-2084\" srcset=\"https:\/\/www.ecolelacroisette.be\/wp-content\/uploads\/2020\/03\/confinement_IMG_5030-577x1024.jpg 577w, https:\/\/www.ecolelacroisette.be\/wp-content\/uploads\/2020\/03\/confinement_IMG_5030-169x300.jpg 169w, https:\/\/www.ecolelacroisette.be\/wp-content\/uploads\/2020\/03\/confinement_IMG_5030-768x1364.jpg 768w, https:\/\/www.ecolelacroisette.be\/wp-content\/uploads\/2020\/03\/confinement_IMG_5030-865x1536.jpg 865w, https:\/\/www.ecolelacroisette.be\/wp-content\/uploads\/2020\/03\/confinement_IMG_5030.jpg 1024w\" sizes=\"(max-width: 577px) 100vw, 577px\" \/><\/a><\/figure><\/li><li class=\"blocks-gallery-item\"><figure><a href=\"http:\/\/www.ecolelacroisette.be\/wp-content\/uploads\/2020\/03\/confinement_IMG_20200320_092556.jpg\"><img loading=\"lazy\" width=\"768\" height=\"1024\" src=\"http:\/\/www.ecolelacroisette.be\/wp-content\/uploads\/2020\/03\/confinement_IMG_20200320_092556-768x1024.jpg\" alt=\"\" data-id=\"2085\" data-full-url=\"http:\/\/www.ecolelacroisette.be\/wp-content\/uploads\/2020\/03\/confinement_IMG_20200320_092556.jpg\" data-link=\"http:\/\/www.ecolelacroisette.be\/index.php\/periode-de-confinement\/confinement_img_20200320_092556\/\" class=\"wp-image-2085\" srcset=\"https:\/\/www.ecolelacroisette.be\/wp-content\/uploads\/2020\/03\/confinement_IMG_20200320_092556-768x1024.jpg 768w, https:\/\/www.ecolelacroisette.be\/wp-content\/uploads\/2020\/03\/confinement_IMG_20200320_092556-225x300.jpg 225w, https:\/\/www.ecolelacroisette.be\/wp-content\/uploads\/2020\/03\/confinement_IMG_20200320_092556.jpg 1024w\" sizes=\"(max-width: 768px) 100vw, 768px\" \/><\/a><\/figure><\/li><li class=\"blocks-gallery-item\"><figure><a href=\"http:\/\/www.ecolelacroisette.be\/wp-content\/uploads\/2020\/03\/confinement_IMG_20200321_155924.jpg\"><img loading=\"lazy\" width=\"768\" height=\"1024\" src=\"http:\/\/www.ecolelacroisette.be\/wp-content\/uploads\/2020\/03\/confinement_IMG_20200321_155924-768x1024.jpg\" alt=\"\" data-id=\"2086\" data-full-url=\"http:\/\/www.ecolelacroisette.be\/wp-content\/uploads\/2020\/03\/confinement_IMG_20200321_155924.jpg\" data-link=\"http:\/\/www.ecolelacroisette.be\/index.php\/periode-de-confinement\/confinement_img_20200321_155924\/\" class=\"wp-image-2086\" srcset=\"https:\/\/www.ecolelacroisette.be\/wp-content\/uploads\/2020\/03\/confinement_IMG_20200321_155924-768x1024.jpg 768w, https:\/\/www.ecolelacroisette.be\/wp-content\/uploads\/2020\/03\/confinement_IMG_20200321_155924-225x300.jpg 225w, https:\/\/www.ecolelacroisette.be\/wp-content\/uploads\/2020\/03\/confinement_IMG_20200321_155924.jpg 1024w\" sizes=\"(max-width: 768px) 100vw, 768px\" \/><\/a><\/figure><\/li><li class=\"blocks-gallery-item\"><figure><a href=\"http:\/\/www.ecolelacroisette.be\/wp-content\/uploads\/2020\/03\/confinement_IMG_20200324_090229.jpg\"><img loading=\"lazy\" width=\"1024\" height=\"768\" src=\"http:\/\/www.ecolelacroisette.be\/wp-content\/uploads\/2020\/03\/confinement_IMG_20200324_090229.jpg\" alt=\"\" data-id=\"2087\" data-full-url=\"http:\/\/www.ecolelacroisette.be\/wp-content\/uploads\/2020\/03\/confinement_IMG_20200324_090229.jpg\" data-link=\"http:\/\/www.ecolelacroisette.be\/index.php\/periode-de-confinement\/confinement_img_20200324_090229\/\" class=\"wp-image-2087\" srcset=\"https:\/\/www.ecolelacroisette.be\/wp-content\/uploads\/2020\/03\/confinement_IMG_20200324_090229.jpg 1024w, https:\/\/www.ecolelacroisette.be\/wp-content\/uploads\/2020\/03\/confinement_IMG_20200324_090229-300x225.jpg 300w, https:\/\/www.ecolelacroisette.be\/wp-content\/uploads\/2020\/03\/confinement_IMG_20200324_090229-768x576.jpg 768w\" sizes=\"(max-width: 1024px) 100vw, 1024px\" \/><\/a><\/figure><\/li><\/ul><\/figure>\n\n\n\n<figure class=\"wp-block-gallery columns-3\"><ul class=\"blocks-gallery-grid\"><li class=\"blocks-gallery-item\"><figure><a href=\"http:\/\/www.ecolelacroisette.be\/wp-content\/uploads\/2020\/03\/confinement_20200317_104008.jpg\"><img loading=\"lazy\" width=\"1024\" height=\"768\" src=\"http:\/\/www.ecolelacroisette.be\/wp-content\/uploads\/2020\/03\/confinement_20200317_104008.jpg\" alt=\"\" data-id=\"2079\" data-full-url=\"http:\/\/www.ecolelacroisette.be\/wp-content\/uploads\/2020\/03\/confinement_20200317_104008.jpg\" data-link=\"http:\/\/www.ecolelacroisette.be\/index.php\/periode-de-confinement\/confinement_20200317_104008\/\" class=\"wp-image-2079\" srcset=\"https:\/\/www.ecolelacroisette.be\/wp-content\/uploads\/2020\/03\/confinement_20200317_104008.jpg 1024w, https:\/\/www.ecolelacroisette.be\/wp-content\/uploads\/2020\/03\/confinement_20200317_104008-300x225.jpg 300w, https:\/\/www.ecolelacroisette.be\/wp-content\/uploads\/2020\/03\/confinement_20200317_104008-768x576.jpg 768w\" sizes=\"(max-width: 1024px) 100vw, 1024px\" \/><\/a><\/figure><\/li><li class=\"blocks-gallery-item\"><figure><a href=\"http:\/\/www.ecolelacroisette.be\/wp-content\/uploads\/2020\/03\/confinement_20200324_110505.jpg\"><img loading=\"lazy\" width=\"768\" height=\"1024\" src=\"http:\/\/www.ecolelacroisette.be\/wp-content\/uploads\/2020\/03\/confinement_20200324_110505-768x1024.jpg\" alt=\"\" data-id=\"2080\" data-full-url=\"http:\/\/www.ecolelacroisette.be\/wp-content\/uploads\/2020\/03\/confinement_20200324_110505.jpg\" data-link=\"http:\/\/www.ecolelacroisette.be\/index.php\/periode-de-confinement\/confinement_20200324_110505\/\" class=\"wp-image-2080\" srcset=\"https:\/\/www.ecolelacroisette.be\/wp-content\/uploads\/2020\/03\/confinement_20200324_110505-768x1024.jpg 768w, https:\/\/www.ecolelacroisette.be\/wp-content\/uploads\/2020\/03\/confinement_20200324_110505-225x300.jpg 225w, https:\/\/www.ecolelacroisette.be\/wp-content\/uploads\/2020\/03\/confinement_20200324_110505.jpg 1024w\" sizes=\"(max-width: 768px) 100vw, 768px\" \/><\/a><\/figure><\/li><li class=\"blocks-gallery-item\"><figure><a href=\"http:\/\/www.ecolelacroisette.be\/wp-content\/uploads\/2020\/03\/confinement_20200324_110648.jpg\"><img loading=\"lazy\" width=\"768\" height=\"1024\" src=\"http:\/\/www.ecolelacroisette.be\/wp-content\/uploads\/2020\/03\/confinement_20200324_110648-768x1024.jpg\" alt=\"\" data-id=\"2081\" data-full-url=\"http:\/\/www.ecolelacroisette.be\/wp-content\/uploads\/2020\/03\/confinement_20200324_110648.jpg\" data-link=\"http:\/\/www.ecolelacroisette.be\/index.php\/periode-de-confinement\/confinement_20200324_110648\/\" class=\"wp-image-2081\" srcset=\"https:\/\/www.ecolelacroisette.be\/wp-content\/uploads\/2020\/03\/confinement_20200324_110648-768x1024.jpg 768w, https:\/\/www.ecolelacroisette.be\/wp-content\/uploads\/2020\/03\/confinement_20200324_110648-225x300.jpg 225w, https:\/\/www.ecolelacroisette.be\/wp-content\/uploads\/2020\/03\/confinement_20200324_110648.jpg 1024w\" sizes=\"(max-width: 768px) 100vw, 768px\" \/><\/a><\/figure><\/li><li class=\"blocks-gallery-item\"><figure><a href=\"http:\/\/www.ecolelacroisette.be\/wp-content\/uploads\/2020\/03\/confinement_20200327_114352.jpg\"><img loading=\"lazy\" width=\"768\" height=\"1024\" src=\"http:\/\/www.ecolelacroisette.be\/wp-content\/uploads\/2020\/03\/confinement_20200327_114352-768x1024.jpg\" alt=\"\" data-id=\"2082\" data-full-url=\"http:\/\/www.ecolelacroisette.be\/wp-content\/uploads\/2020\/03\/confinement_20200327_114352.jpg\" data-link=\"http:\/\/www.ecolelacroisette.be\/index.php\/periode-de-confinement\/confinement_20200327_114352\/\" class=\"wp-image-2082\" srcset=\"https:\/\/www.ecolelacroisette.be\/wp-content\/uploads\/2020\/03\/confinement_20200327_114352-768x1024.jpg 768w, https:\/\/www.ecolelacroisette.be\/wp-content\/uploads\/2020\/03\/confinement_20200327_114352-225x300.jpg 225w, https:\/\/www.ecolelacroisette.be\/wp-content\/uploads\/2020\/03\/confinement_20200327_114352.jpg 1024w\" sizes=\"(max-width: 768px) 100vw, 768px\" \/><\/a><\/figure><\/li><li class=\"blocks-gallery-item\"><figure><a href=\"http:\/\/www.ecolelacroisette.be\/wp-content\/uploads\/2020\/03\/confinement_20200327_114359.jpg\"><img loading=\"lazy\" width=\"768\" height=\"1024\" src=\"http:\/\/www.ecolelacroisette.be\/wp-content\/uploads\/2020\/03\/confinement_20200327_114359-768x1024.jpg\" alt=\"\" data-id=\"2083\" data-full-url=\"http:\/\/www.ecolelacroisette.be\/wp-content\/uploads\/2020\/03\/confinement_20200327_114359.jpg\" data-link=\"http:\/\/www.ecolelacroisette.be\/index.php\/periode-de-confinement\/confinement_20200327_114359\/\" class=\"wp-image-2083\" srcset=\"https:\/\/www.ecolelacroisette.be\/wp-content\/uploads\/2020\/03\/confinement_20200327_114359-768x1024.jpg 768w, https:\/\/www.ecolelacroisette.be\/wp-content\/uploads\/2020\/03\/confinement_20200327_114359-225x300.jpg 225w, https:\/\/www.ecolelacroisette.be\/wp-content\/uploads\/2020\/03\/confinement_20200327_114359.jpg 1024w\" sizes=\"(max-width: 768px) 100vw, 768px\" \/><\/a><\/figure><\/li><\/ul><\/figure>\n\n\n\n<p><\/p>\n","protected":false},"excerpt":{"rendered":"<p>Petit mot pour les \u00e9l\u00e8ves de la section primaire \u00e0 l&rsquo;occasion de la rentr\u00e9e scolaire du lundi 8 juin 2020 Apr\u00e8s ces longues semaines de silence \u00ab\u00a0forc\u00e9\u00a0\u00bb, il me semblait important de communiquer autrement&#8230; Je vous souhaite ainsi bonne r\u00e9ception de deux \u00ab\u00a0capsules vid\u00e9o\u00a0\u00bb Message adress\u00e9 aux enfants Message adress\u00e9 aux parents Organisation des cours&hellip;<\/p>\n","protected":false},"author":2,"featured_media":2334,"parent":0,"menu_order":0,"comment_status":"closed","ping_status":"closed","template":"","meta":[],"_links":{"self":[{"href":"https:\/\/www.ecolelacroisette.be\/index.php\/wp-json\/wp\/v2\/pages\/2076"}],"collection":[{"href":"https:\/\/www.ecolelacroisette.be\/index.php\/wp-json\/wp\/v2\/pages"}],"about":[{"href":"https:\/\/www.ecolelacroisette.be\/index.php\/wp-json\/wp\/v2\/types\/page"}],"author":[{"embeddable":true,"href":"https:\/\/www.ecolelacroisette.be\/index.php\/wp-json\/wp\/v2\/users\/2"}],"replies":[{"embeddable":true,"href":"https:\/\/www.ecolelacroisette.be\/index.php\/wp-json\/wp\/v2\/comments?post=2076"}],"version-history":[{"count":36,"href":"https:\/\/www.ecolelacroisette.be\/index.php\/wp-json\/wp\/v2\/pages\/2076\/revisions"}],"predecessor-version":[{"id":2522,"href":"https:\/\/www.ecolelacroisette.be\/index.php\/wp-json\/wp\/v2\/pages\/2076\/revisions\/2522"}],"wp:featuredmedia":[{"embeddable":true,"href":"https:\/\/www.ecolelacroisette.be\/index.php\/wp-json\/wp\/v2\/media\/2334"}],"wp:attachment":[{"href":"https:\/\/www.ecolelacroisette.be\/index.php\/wp-json\/wp\/v2\/media?parent=2076"}],"curies":[{"name":"wp","href":"https:\/\/api.w.org\/{rel}","templated":true}]}}